{"id":591,"date":"2020-09-29T23:03:30","date_gmt":"2020-09-29T21:03:30","guid":{"rendered":"http:\/\/www.1001fontainestest.tk\/?page_id=591"},"modified":"2026-04-15T10:59:50","modified_gmt":"2026-04-15T08:59:50","slug":"notre-conseil-dadministration","status":"publish","type":"page","link":"https:\/\/www.1001fontaines.org.uk\/fr\/notre-conseil-dadministration\/","title":{"rendered":"Notre conseil d\u2019administration"},"content":{"rendered":"\t\t<div data-elementor-type=\"wp-page\" data-elementor-id=\"591\" class=\"elementor elementor-591\" data-elementor-post-type=\"page\">\n\t\t\t\t\t\t<section class=\"elementor-section elementor-top-section elementor-element elementor-element-812186e elementor-section-boxed elementor-section-height-default elementor-section-height-default\" data-id=\"812186e\" data-element_type=\"section\" data-e-type=\"section\">\n\t\t\t\t\t\t<div class=\"elementor-container elementor-column-gap-default\">\n\t\t\t\t\t<div class=\"elementor-column elementor-col-100 elementor-top-column elementor-element elementor-element-5fd7920\" data-id=\"5fd7920\" data-element_type=\"column\" data-e-type=\"column\">\n\t\t\t<div class=\"elementor-widget-wrap elementor-element-populated\">\n\t\t\t\t\t\t<div class=\"elementor-element elementor-element-6a80caa elementor-widget elementor-widget-heading\" data-id=\"6a80caa\" data-element_type=\"widget\" data-e-type=\"widget\" data-widget_type=\"heading.default\">\n\t\t\t\t<div class=\"elementor-widget-container\">\n\t\t\t\t\t<h1 class=\"elementor-heading-title elementor-size-default\">Notre conseil d\u2019administration<\/h1>\t\t\t\t<\/div>\n\t\t\t\t<\/div>\n\t\t\t\t\t<\/div>\n\t\t<\/div>\n\t\t\t\t\t<\/div>\n\t\t<\/section>\n\t\t\t\t<section class=\"elementor-section elementor-top-section elementor-element elementor-element-0b3717e elementor-section-content-middle elementor-section-boxed elementor-section-height-default elementor-section-height-default\" data-id=\"0b3717e\" data-element_type=\"section\" data-e-type=\"section\">\n\t\t\t\t\t\t<div class=\"elementor-container elementor-column-gap-extended\">\n\t\t\t\t\t<div class=\"elementor-column elementor-col-50 elementor-top-column elementor-element elementor-element-4867d79\" data-id=\"4867d79\" data-element_type=\"column\" data-e-type=\"column\">\n\t\t\t<div class=\"elementor-widget-wrap elementor-element-populated\">\n\t\t\t\t\t\t<div class=\"elementor-element elementor-element-320e03b img-equipe elementor-widget elementor-widget-image\" data-id=\"320e03b\" data-element_type=\"widget\" data-e-type=\"widget\" data-widget_type=\"image.default\">\n\t\t\t\t<div class=\"elementor-widget-container\">\n\t\t\t\t\t\t\t\t\t\t\t\t\t\t\t<img decoding=\"async\" src=\"https:\/\/www.1001fontaines.org.uk\/wp-content\/uploads\/elementor\/thumbs\/0902557997782-web-tete-r63fd5l3pao4hw76hsugva4erwefljvplyccpp1p30.jpg\" title=\"yves-bernaert-1001fontaines-ONG-association-president-20ans-anniversaire-eaupotable-eau-water-NGO-water-for-all-safe-drinking\" alt=\"yves-bernaert-1001fontaines-ONG-association-president-20ans-anniversaire-eaupotable-eau-water-NGO-water-for-all-safe-drinking\" loading=\"lazy\" \/>\t\t\t\t\t\t\t\t\t\t\t\t\t\t\t<\/div>\n\t\t\t\t<\/div>\n\t\t\t\t\t<\/div>\n\t\t<\/div>\n\t\t\t\t<div class=\"elementor-column elementor-col-50 elementor-top-column elementor-element elementor-element-b5bc1b2\" data-id=\"b5bc1b2\" data-element_type=\"column\" data-e-type=\"column\">\n\t\t\t<div class=\"elementor-widget-wrap elementor-element-populated\">\n\t\t\t\t\t\t<div class=\"elementor-element elementor-element-a4a3742 elementor-widget elementor-widget-heading\" data-id=\"a4a3742\" data-element_type=\"widget\" data-e-type=\"widget\" data-widget_type=\"heading.default\">\n\t\t\t\t<div class=\"elementor-widget-container\">\n\t\t\t\t\t<h3 class=\"elementor-heading-title elementor-size-default\">Yves Bernaert<\/h3>\t\t\t\t<\/div>\n\t\t\t\t<\/div>\n\t\t\t\t<div class=\"elementor-element elementor-element-8270065 elementor-widget elementor-widget-text-editor\" data-id=\"8270065\" data-element_type=\"widget\" data-e-type=\"widget\" data-widget_type=\"text-editor.default\">\n\t\t\t\t<div class=\"elementor-widget-container\">\n\t\t\t\t\t\t\t\t\t<div style=\"text-align: justify;\">\n<strong>Pr\u00e9sident<\/strong>\n\n<p>Yves Bernaert a commenc\u00e9 sa carri\u00e8re en tant qu\u2019auditeur chez PWC avant de rejoindre en 1992 Accenture, un des leaders mondiaux des services du num\u00e9rique. Apr\u00e8s avoir occup\u00e9 plusieurs postes de direction en France et \u00e0 l\u2019international, il a \u00e9t\u00e9 CEO Europe d\u2019Accenture Technology. Sous sa direction, Accenture Technology Europe a connu une croissance \u00e0 deux chiffres en se concentrant sur les nouvelles technologies digitales (Cloud, Data &#038; AI et S\u00e9curit\u00e9) avec ses \u00e9quipes et l\u2019ensemble des partenaires de l\u2019\u00e9cosyst\u00e8me.<\/p>\n\n<p>Yves a ensuite rejoint le groupe Atos en tant que Directeur g\u00e9n\u00e9ral de 2023 \u00e0 2024. Durant cette ann\u00e9e, il a \u00e9t\u00e9 en premi\u00e8re ligne dans l\u2019objectif de transformation du groupe, qui menait sa r\u00e9organisation strat\u00e9gique visant \u00e0 renforcer sa comp\u00e9titivit\u00e9 \u00e0 l\u2019\u00e9chelle mondiale et retrouver sa place de leader du secteur de la transformation digitale.<\/p>\n<\/div>\n\n\n\n\t\t\t\t\t\t\t\t<\/div>\n\t\t\t\t<\/div>\n\t\t\t\t\t<\/div>\n\t\t<\/div>\n\t\t\t\t\t<\/div>\n\t\t<\/section>\n\t\t\t\t<section class=\"elementor-section elementor-top-section elementor-element elementor-element-3b81432 elementor-section-content-middle elementor-section-boxed elementor-section-height-default elementor-section-height-default\" data-id=\"3b81432\" data-element_type=\"section\" data-e-type=\"section\">\n\t\t\t\t\t\t<div class=\"elementor-container elementor-column-gap-extended\">\n\t\t\t\t\t<div class=\"elementor-column elementor-col-50 elementor-top-column elementor-element elementor-element-66458b0\" data-id=\"66458b0\" data-element_type=\"column\" data-e-type=\"column\">\n\t\t\t<div class=\"elementor-widget-wrap elementor-element-populated\">\n\t\t\t\t\t\t<div class=\"elementor-element elementor-element-f27003a img-equipe elementor-widget elementor-widget-image\" data-id=\"f27003a\" data-element_type=\"widget\" data-e-type=\"widget\" data-widget_type=\"image.default\">\n\t\t\t\t<div class=\"elementor-widget-container\">\n\t\t\t\t\t\t\t\t\t\t\t\t\t\t\t<img decoding=\"async\" src=\"https:\/\/www.1001fontaines.org.uk\/wp-content\/uploads\/elementor\/thumbs\/Jean-Francois-Rambicur-r63fcluhprx3q2zup2bawx3qat3q3wpcj8n5mvuypo.jpg\" title=\"Jean-Francois-Rambicur\" alt=\"Jean-Francois-Rambicur\" loading=\"lazy\" \/>\t\t\t\t\t\t\t\t\t\t\t\t\t\t\t<\/div>\n\t\t\t\t<\/div>\n\t\t\t\t\t<\/div>\n\t\t<\/div>\n\t\t\t\t<div class=\"elementor-column elementor-col-50 elementor-top-column elementor-element elementor-element-da601f4\" data-id=\"da601f4\" data-element_type=\"column\" data-e-type=\"column\">\n\t\t\t<div class=\"elementor-widget-wrap elementor-element-populated\">\n\t\t\t\t\t\t<div class=\"elementor-element elementor-element-9e2bd34 elementor-widget elementor-widget-heading\" data-id=\"9e2bd34\" data-element_type=\"widget\" data-e-type=\"widget\" data-widget_type=\"heading.default\">\n\t\t\t\t<div class=\"elementor-widget-container\">\n\t\t\t\t\t<h3 class=\"elementor-heading-title elementor-size-default\">Jean-Fran\u00e7ois Rambicur<\/h3>\t\t\t\t<\/div>\n\t\t\t\t<\/div>\n\t\t\t\t<div class=\"elementor-element elementor-element-0b23c45 elementor-widget elementor-widget-text-editor\" data-id=\"0b23c45\" data-element_type=\"widget\" data-e-type=\"widget\" data-widget_type=\"text-editor.default\">\n\t\t\t\t<div class=\"elementor-widget-container\">\n\t\t\t\t\t\t\t\t\t<div style=\"text-align: justify;\">\n<strong>Pr\u00e9sident d&rsquo;honneur<\/strong>\n\n<\/p>Dipl\u00f4m\u00e9 de l\u2019Ecole Centrale de Lyon, Jean-Fran\u00e7ois Rambicur fait toute sa carri\u00e8re professionnelle au sein d\u2019Andersen Consulting (aujourd\u2019hui Accenture) dont il est l\u2019un des associ\u00e9s pendant de nombreuses ann\u00e9es. Depuis janvier 2009, il s\u2019est reconverti dans des activit\u00e9s humanitaires et dans de nouvelles formes d\u2019implication dans l\u2019entreprise.<\/p>\n<\/div>\n\n\n\t\t\t\t\t\t\t\t<\/div>\n\t\t\t\t<\/div>\n\t\t\t\t\t<\/div>\n\t\t<\/div>\n\t\t\t\t\t<\/div>\n\t\t<\/section>\n\t\t\t\t<section class=\"elementor-section elementor-top-section elementor-element elementor-element-a9c754e elementor-section-content-middle elementor-section-boxed elementor-section-height-default elementor-section-height-default\" data-id=\"a9c754e\" data-element_type=\"section\" data-e-type=\"section\">\n\t\t\t\t\t\t<div class=\"elementor-container elementor-column-gap-extended\">\n\t\t\t\t\t<div class=\"elementor-column elementor-col-50 elementor-top-column elementor-element elementor-element-3d40c31\" data-id=\"3d40c31\" data-element_type=\"column\" data-e-type=\"column\">\n\t\t\t<div class=\"elementor-widget-wrap elementor-element-populated\">\n\t\t\t\t\t\t<div class=\"elementor-element elementor-element-1f97871 img-equipe elementor-widget elementor-widget-image\" data-id=\"1f97871\" data-element_type=\"widget\" data-e-type=\"widget\" data-widget_type=\"image.default\">\n\t\t\t\t<div class=\"elementor-widget-container\">\n\t\t\t\t\t\t\t\t\t\t\t\t\t\t\t<img decoding=\"async\" src=\"https:\/\/www.1001fontaines.org.uk\/wp-content\/uploads\/elementor\/thumbs\/Jean-Fabrice-Mathieu-r63fcluhprx3q2zup2bawx3qat3q3wpcj8n5mvuypo.jpg\" title=\"Jean-Fabrice-Mathieu\" alt=\"Jean-Fabrice-Mathieu\" loading=\"lazy\" \/>\t\t\t\t\t\t\t\t\t\t\t\t\t\t\t<\/div>\n\t\t\t\t<\/div>\n\t\t\t\t\t<\/div>\n\t\t<\/div>\n\t\t\t\t<div class=\"elementor-column elementor-col-50 elementor-top-column elementor-element elementor-element-96db9b6\" data-id=\"96db9b6\" data-element_type=\"column\" data-e-type=\"column\">\n\t\t\t<div class=\"elementor-widget-wrap elementor-element-populated\">\n\t\t\t\t\t\t<div class=\"elementor-element elementor-element-a497c05 elementor-widget elementor-widget-heading\" data-id=\"a497c05\" data-element_type=\"widget\" data-e-type=\"widget\" data-widget_type=\"heading.default\">\n\t\t\t\t<div class=\"elementor-widget-container\">\n\t\t\t\t\t<h3 class=\"elementor-heading-title elementor-size-default\">Jean-Fabrice Mathieu<\/h3>\t\t\t\t<\/div>\n\t\t\t\t<\/div>\n\t\t\t\t<div class=\"elementor-element elementor-element-ebbfa3b elementor-widget elementor-widget-text-editor\" data-id=\"ebbfa3b\" data-element_type=\"widget\" data-e-type=\"widget\" data-widget_type=\"text-editor.default\">\n\t\t\t\t<div class=\"elementor-widget-container\">\n\t\t\t\t\t\t\t\t\t<div style=\"text-align: justify;\">\n<strong>Vice-Pr\u00e9sident<\/strong>\n\n<\/p>Dipl\u00f4m\u00e9 d\u2019HEC, Jean-Fabrice Mathieu a travaill\u00e9 10 ans pour L\u2019Or\u00e9al, dont 6 en Asie, avant de devenir CEO de Kelkoo puis Directeur G\u00e9n\u00e9ral de SeLoger.com, qu\u2019il introduit en bourse en 2006. Il est maintenant investisseur et membre du Conseil d\u2019administration de Jobs.ch, Evaneos.com, Primavista et Travelavenue.<\/p>\n<\/div>\n\n\n\t\t\t\t\t\t\t\t<\/div>\n\t\t\t\t<\/div>\n\t\t\t\t\t<\/div>\n\t\t<\/div>\n\t\t\t\t\t<\/div>\n\t\t<\/section>\n\t\t\t\t<section class=\"elementor-section elementor-top-section elementor-element elementor-element-d3984f4 elementor-section-content-middle elementor-section-boxed elementor-section-height-default elementor-section-height-default\" data-id=\"d3984f4\" data-element_type=\"section\" data-e-type=\"section\">\n\t\t\t\t\t\t<div class=\"elementor-container elementor-column-gap-extended\">\n\t\t\t\t\t<div class=\"elementor-column elementor-col-50 elementor-top-column elementor-element elementor-element-e8c72a6\" data-id=\"e8c72a6\" data-element_type=\"column\" data-e-type=\"column\">\n\t\t\t<div class=\"elementor-widget-wrap elementor-element-populated\">\n\t\t\t\t\t\t<div class=\"elementor-element elementor-element-b1d08d7 img-equipe elementor-widget elementor-widget-image\" data-id=\"b1d08d7\" data-element_type=\"widget\" data-e-type=\"widget\" data-widget_type=\"image.default\">\n\t\t\t\t<div class=\"elementor-widget-container\">\n\t\t\t\t\t\t\t\t\t\t\t\t\t\t\t<img decoding=\"async\" src=\"https:\/\/www.1001fontaines.org.uk\/wp-content\/uploads\/elementor\/thumbs\/Capture-de\u0301cran-2021-03-24-a\u0300-19.26.29-r63fdt32g5kak591ol053m6xmj6lxzh016nhpm2urg.png\" title=\"Capture d\u2019e\u0301cran 2021-03-24 a\u0300 19.26.29\" alt=\"Capture d\u2019e\u0301cran 2021-03-24 a\u0300 19.26.29\" loading=\"lazy\" \/>\t\t\t\t\t\t\t\t\t\t\t\t\t\t\t<\/div>\n\t\t\t\t<\/div>\n\t\t\t\t\t<\/div>\n\t\t<\/div>\n\t\t\t\t<div class=\"elementor-column elementor-col-50 elementor-top-column elementor-element elementor-element-75bb9f6\" data-id=\"75bb9f6\" data-element_type=\"column\" data-e-type=\"column\">\n\t\t\t<div class=\"elementor-widget-wrap elementor-element-populated\">\n\t\t\t\t\t\t<div class=\"elementor-element elementor-element-0266ba0 elementor-widget elementor-widget-heading\" data-id=\"0266ba0\" data-element_type=\"widget\" data-e-type=\"widget\" data-widget_type=\"heading.default\">\n\t\t\t\t<div class=\"elementor-widget-container\">\n\t\t\t\t\t<h3 class=\"elementor-heading-title elementor-size-default\">Dominique Levacher <\/h3>\t\t\t\t<\/div>\n\t\t\t\t<\/div>\n\t\t\t\t<div class=\"elementor-element elementor-element-4786dc3 elementor-widget elementor-widget-text-editor\" data-id=\"4786dc3\" data-element_type=\"widget\" data-e-type=\"widget\" data-widget_type=\"text-editor.default\">\n\t\t\t\t<div class=\"elementor-widget-container\">\n\t\t\t\t\t\t\t\t\t<div style=\"text-align: justify;\"><p><strong>Secr\u00e9taire G\u00e9n\u00e9ral<\/strong><\/p><p>Dipl\u00f4m\u00e9 des Arts et M\u00e9tiers et de l\u2019INSEAD, Dominique Levacher a fait sa carri\u00e8re chez DANONE dans les Op\u00e9rations et les Ressources Humaines dans les divisions Eaux et Produits Frais. Il a \u00e9t\u00e9 notamment Directeur des Op\u00e9rations DANONE Eaux France, Directeur des Op\u00e9rations Africa Middle East, Directeur des Op\u00e9rations puis D.R.H de la division Produits Frais. Il est engag\u00e9 dans le d\u00e9veloppement du b\u00e9n\u00e9volat de comp\u00e9tences au service des associations de solidarit\u00e9 au sein de Passerelles et Comp\u00e9tences.<\/p><\/div>\t\t\t\t\t\t\t\t<\/div>\n\t\t\t\t<\/div>\n\t\t\t\t\t<\/div>\n\t\t<\/div>\n\t\t\t\t\t<\/div>\n\t\t<\/section>\n\t\t\t\t<section class=\"elementor-section elementor-top-section elementor-element elementor-element-d4d5081 elementor-section-content-middle elementor-section-boxed elementor-section-height-default elementor-section-height-default\" data-id=\"d4d5081\" data-element_type=\"section\" data-e-type=\"section\">\n\t\t\t\t\t\t<div class=\"elementor-container elementor-column-gap-extended\">\n\t\t\t\t\t<div class=\"elementor-column elementor-col-50 elementor-top-column elementor-element elementor-element-21f0d45\" data-id=\"21f0d45\" data-element_type=\"column\" data-e-type=\"column\">\n\t\t\t<div class=\"elementor-widget-wrap elementor-element-populated\">\n\t\t\t\t\t\t<div class=\"elementor-element elementor-element-caf57fd img-equipe elementor-widget elementor-widget-image\" data-id=\"caf57fd\" data-element_type=\"widget\" data-e-type=\"widget\" data-widget_type=\"image.default\">\n\t\t\t\t<div class=\"elementor-widget-container\">\n\t\t\t\t\t\t\t\t\t\t\t\t\t\t\t<img decoding=\"async\" src=\"https:\/\/www.1001fontaines.org.uk\/wp-content\/uploads\/elementor\/thumbs\/Belinda-Morvan-r63fcluhprx3q2zup2bawx3qat3q3wpcj8n5mvuypo.jpg\" title=\"Belinda-Morvan\" alt=\"Belinda-Morvan\" loading=\"lazy\" \/>\t\t\t\t\t\t\t\t\t\t\t\t\t\t\t<\/div>\n\t\t\t\t<\/div>\n\t\t\t\t\t<\/div>\n\t\t<\/div>\n\t\t\t\t<div class=\"elementor-column elementor-col-50 elementor-top-column elementor-element elementor-element-314f173\" data-id=\"314f173\" data-element_type=\"column\" data-e-type=\"column\">\n\t\t\t<div class=\"elementor-widget-wrap elementor-element-populated\">\n\t\t\t\t\t\t<div class=\"elementor-element elementor-element-c8d61df elementor-widget elementor-widget-heading\" data-id=\"c8d61df\" data-element_type=\"widget\" data-e-type=\"widget\" data-widget_type=\"heading.default\">\n\t\t\t\t<div class=\"elementor-widget-container\">\n\t\t\t\t\t<h3 class=\"elementor-heading-title elementor-size-default\">Belinda Morvan<\/h3>\t\t\t\t<\/div>\n\t\t\t\t<\/div>\n\t\t\t\t<div class=\"elementor-element elementor-element-eeb9d25 elementor-widget elementor-widget-text-editor\" data-id=\"eeb9d25\" data-element_type=\"widget\" data-e-type=\"widget\" data-widget_type=\"text-editor.default\">\n\t\t\t\t<div class=\"elementor-widget-container\">\n\t\t\t\t\t\t\t\t\t<div style=\"text-align: justify;\">\n<strong>Tr\u00e9sori\u00e8re<\/strong>\n\n<\/p>Expert-comptable de formation, Belinda Morvan a exerc\u00e9 la fonction de Directrice Financi\u00e8re chez Regus PLC puis chez Criteo avant de cr\u00e9er en 2016 l\u2019entreprise Finance By Bee, sp\u00e9cialis\u00e9e dans le conseil financier \u00e0 destination des start-ups pour les accompagner dans leur croissance et leur changement d\u2019\u00e9chelle. Elle soutient 1001fontaines depuis 2016 pour optimiser sa gestion financi\u00e8re et administrative, au si\u00e8ge comme dans les pays d\u2019intervention.<\/p>\n<\/div>\n\n\n\t\t\t\t\t\t\t\t<\/div>\n\t\t\t\t<\/div>\n\t\t\t\t\t<\/div>\n\t\t<\/div>\n\t\t\t\t\t<\/div>\n\t\t<\/section>\n\t\t\t\t<section class=\"elementor-section elementor-top-section elementor-element elementor-element-28ac4ed elementor-section-content-middle elementor-section-boxed elementor-section-height-default elementor-section-height-default\" data-id=\"28ac4ed\" data-element_type=\"section\" data-e-type=\"section\">\n\t\t\t\t\t\t<div class=\"elementor-container elementor-column-gap-extended\">\n\t\t\t\t\t<div class=\"elementor-column elementor-col-50 elementor-top-column elementor-element elementor-element-6b44d73\" data-id=\"6b44d73\" data-element_type=\"column\" data-e-type=\"column\">\n\t\t\t<div class=\"elementor-widget-wrap elementor-element-populated\">\n\t\t\t\t\t\t<div class=\"elementor-element elementor-element-ce8eb31 img-equipe elementor-widget elementor-widget-image\" data-id=\"ce8eb31\" data-element_type=\"widget\" data-e-type=\"widget\" data-widget_type=\"image.default\">\n\t\t\t\t<div class=\"elementor-widget-container\">\n\t\t\t\t\t\t\t\t\t\t\t\t\t\t\t<img decoding=\"async\" src=\"https:\/\/www.1001fontaines.org.uk\/wp-content\/uploads\/elementor\/thumbs\/Screenshot-2021-04-01-at-17.26.44-1-r63fdu0wmzlkvr7oj3ero3ye7x1z5okqdbaz6w1gl8.png\" title=\"Screenshot 2021-04-01 at 17.26.44\" alt=\"Screenshot 2021-04-01 at 17.26.44\" loading=\"lazy\" \/>\t\t\t\t\t\t\t\t\t\t\t\t\t\t\t<\/div>\n\t\t\t\t<\/div>\n\t\t\t\t\t<\/div>\n\t\t<\/div>\n\t\t\t\t<div class=\"elementor-column elementor-col-50 elementor-top-column elementor-element elementor-element-4ca6a7d\" data-id=\"4ca6a7d\" data-element_type=\"column\" data-e-type=\"column\">\n\t\t\t<div class=\"elementor-widget-wrap elementor-element-populated\">\n\t\t\t\t\t\t<div class=\"elementor-element elementor-element-e4c9e8c elementor-widget elementor-widget-heading\" data-id=\"e4c9e8c\" data-element_type=\"widget\" data-e-type=\"widget\" data-widget_type=\"heading.default\">\n\t\t\t\t<div class=\"elementor-widget-container\">\n\t\t\t\t\t<h3 class=\"elementor-heading-title elementor-size-default\">Anne-Sarine Courcoux<\/h3>\t\t\t\t<\/div>\n\t\t\t\t<\/div>\n\t\t\t\t<div class=\"elementor-element elementor-element-89394e4 elementor-widget elementor-widget-text-editor\" data-id=\"89394e4\" data-element_type=\"widget\" data-e-type=\"widget\" data-widget_type=\"text-editor.default\">\n\t\t\t\t<div class=\"elementor-widget-container\">\n\t\t\t\t\t\t\t\t\t<div style=\"text-align: justify;\"><p>Dipl\u00f4m\u00e9e de Columbia University et de l\u2019ESSEC, Anne-Sarine a pass\u00e9 15 ans dans le marketing et retail chez LVMH avant de changer de voie et de prendre la direction d\u2019une entreprise familiale au Cambodge en 2014. Elle dirige plusieurs marques de restaurants en pleine croissance en Asie du Sud-Est. Depuis 2019, elle soutient 1001fontaines en tant que Pr\u00e9sidente de Teuk Saat 1001 au Cambodge.<\/p><\/div>\t\t\t\t\t\t\t\t<\/div>\n\t\t\t\t<\/div>\n\t\t\t\t\t<\/div>\n\t\t<\/div>\n\t\t\t\t\t<\/div>\n\t\t<\/section>\n\t\t\t\t<section class=\"elementor-section elementor-top-section elementor-element elementor-element-bb8da0d elementor-section-content-middle elementor-section-boxed elementor-section-height-default elementor-section-height-default\" data-id=\"bb8da0d\" data-element_type=\"section\" data-e-type=\"section\">\n\t\t\t\t\t\t<div class=\"elementor-container elementor-column-gap-extended\">\n\t\t\t\t\t<div class=\"elementor-column elementor-col-50 elementor-top-column elementor-element elementor-element-b7e0af1\" data-id=\"b7e0af1\" data-element_type=\"column\" data-e-type=\"column\">\n\t\t\t<div class=\"elementor-widget-wrap elementor-element-populated\">\n\t\t\t\t\t\t<div class=\"elementor-element elementor-element-ebf34a3 img-equipe elementor-widget elementor-widget-image\" data-id=\"ebf34a3\" data-element_type=\"widget\" data-e-type=\"widget\" data-widget_type=\"image.default\">\n\t\t\t\t<div class=\"elementor-widget-container\">\n\t\t\t\t\t\t\t\t\t\t\t\t\t\t\t<img decoding=\"async\" src=\"https:\/\/www.1001fontaines.org.uk\/wp-content\/uploads\/elementor\/thumbs\/Elisabeth-Cunin-r63fcluhprx3q2zup2bawx3qat3q3wpcj8n5mvuypo.jpg\" title=\"Elisabeth-Cunin\" alt=\"Elisabeth-Cunin\" loading=\"lazy\" \/>\t\t\t\t\t\t\t\t\t\t\t\t\t\t\t<\/div>\n\t\t\t\t<\/div>\n\t\t\t\t\t<\/div>\n\t\t<\/div>\n\t\t\t\t<div class=\"elementor-column elementor-col-50 elementor-top-column elementor-element elementor-element-cdbf5aa\" data-id=\"cdbf5aa\" data-element_type=\"column\" data-e-type=\"column\">\n\t\t\t<div class=\"elementor-widget-wrap elementor-element-populated\">\n\t\t\t\t\t\t<div class=\"elementor-element elementor-element-4215d5b elementor-widget elementor-widget-heading\" data-id=\"4215d5b\" data-element_type=\"widget\" data-e-type=\"widget\" data-widget_type=\"heading.default\">\n\t\t\t\t<div class=\"elementor-widget-container\">\n\t\t\t\t\t<h3 class=\"elementor-heading-title elementor-size-default\">Elisabeth Cunin<\/h3>\t\t\t\t<\/div>\n\t\t\t\t<\/div>\n\t\t\t\t<div class=\"elementor-element elementor-element-1b457bc elementor-widget elementor-widget-text-editor\" data-id=\"1b457bc\" data-element_type=\"widget\" data-e-type=\"widget\" data-widget_type=\"text-editor.default\">\n\t\t\t\t<div class=\"elementor-widget-container\">\n\t\t\t\t\t\t\t\t\t<div style=\"text-align: justify;\">\n\n<\/p>Dipl\u00f4m\u00e9e de l\u2019\u00c9cole Polytechnique, Elisabeth Cunin passe 5 ans chez McKinsey &amp; Company avant d\u2019entamer une carri\u00e8re dans le domaine du retail (direction des projets logistiques et internet chez Promodes, Directrice supply chain chez Parfums Christian Dior, Directrice g\u00e9n\u00e9rale d\u2019Andr\u00e9, d\u2019Etam Lingerie, de Comptoir des Cotonniers et de Princesse Tam Tam). Elle assure la direction g\u00e9n\u00e9rale de Camaieu International jusqu\u2019en 2018, avant d\u2019\u00eatre nomm\u00e9e Pr\u00e9sidente de Kiabi en 2019. Elle est \u00e9galement administratrice de Mercialys depuis 2012.<\/p>\n<\/div>\n\n\n\t\t\t\t\t\t\t\t<\/div>\n\t\t\t\t<\/div>\n\t\t\t\t\t<\/div>\n\t\t<\/div>\n\t\t\t\t\t<\/div>\n\t\t<\/section>\n\t\t\t\t<section class=\"elementor-section elementor-top-section elementor-element elementor-element-31f2254 elementor-section-content-middle elementor-section-boxed elementor-section-height-default elementor-section-height-default\" data-id=\"31f2254\" data-element_type=\"section\" data-e-type=\"section\">\n\t\t\t\t\t\t<div class=\"elementor-container elementor-column-gap-extended\">\n\t\t\t\t\t<div class=\"elementor-column elementor-col-50 elementor-top-column elementor-element elementor-element-e1d69da\" data-id=\"e1d69da\" data-element_type=\"column\" data-e-type=\"column\">\n\t\t\t<div class=\"elementor-widget-wrap elementor-element-populated\">\n\t\t\t\t\t\t<div class=\"elementor-element elementor-element-1447e20 img-equipe elementor-widget elementor-widget-image\" data-id=\"1447e20\" data-element_type=\"widget\" data-e-type=\"widget\" data-widget_type=\"image.default\">\n\t\t\t\t<div class=\"elementor-widget-container\">\n\t\t\t\t\t\t\t\t\t\t\t\t\t\t\t<img decoding=\"async\" src=\"https:\/\/www.1001fontaines.org.uk\/wp-content\/uploads\/elementor\/thumbs\/Laurent-Kocher-r63fcluhprx3q2zup2bawx3qat3q3wpcj8n5mvuypo.jpg\" title=\"Laurent-Kocher\" alt=\"Laurent-Kocher\" loading=\"lazy\" \/>\t\t\t\t\t\t\t\t\t\t\t\t\t\t\t<\/div>\n\t\t\t\t<\/div>\n\t\t\t\t\t<\/div>\n\t\t<\/div>\n\t\t\t\t<div class=\"elementor-column elementor-col-50 elementor-top-column elementor-element elementor-element-04d9036\" data-id=\"04d9036\" data-element_type=\"column\" data-e-type=\"column\">\n\t\t\t<div class=\"elementor-widget-wrap elementor-element-populated\">\n\t\t\t\t\t\t<div class=\"elementor-element elementor-element-b56ec85 elementor-widget elementor-widget-heading\" data-id=\"b56ec85\" data-element_type=\"widget\" data-e-type=\"widget\" data-widget_type=\"heading.default\">\n\t\t\t\t<div class=\"elementor-widget-container\">\n\t\t\t\t\t<h3 class=\"elementor-heading-title elementor-size-default\">Laurent Kocher<\/h3>\t\t\t\t<\/div>\n\t\t\t\t<\/div>\n\t\t\t\t<div class=\"elementor-element elementor-element-692b749 elementor-widget elementor-widget-text-editor\" data-id=\"692b749\" data-element_type=\"widget\" data-e-type=\"widget\" data-widget_type=\"text-editor.default\">\n\t\t\t\t<div class=\"elementor-widget-container\">\n\t\t\t\t\t\t\t\t\t<div style=\"text-align: justify;\">\n\n<\/p>Dipl\u00f4m\u00e9 de l\u2019Ecole Polytechnique, Laurent Kocher d\u00e9bute sa carri\u00e8re en 1989 chez IBM France. En 2005, il rejoint le comit\u00e9 ex\u00e9cutif d\u2019Orange Business Services pour d\u00e9velopper les activit\u00e9s de services aupr\u00e8s des grandes entreprises fran\u00e7aises et internationales. Il est Directeur G\u00e9n\u00e9ral d\u2019Atos France de 2011 \u00e0 2013, Directeur Ex\u00e9cutif, Marketing, Innovation et Services du Groupe Keolis de 2014 \u00e0 2018 puis Directeur Ex\u00e9cutif, Division \u00ab Nouvelles Mobilit\u00e9s \u00bb de 2018 \u00e0 2020. En 2020, il fonde Kubernesis, un cabinet de conseil en management et syst\u00e8mes pour aider les entreprises dans leur transformation digitale.<\/p>\n<\/div>\n\n\n\t\t\t\t\t\t\t\t<\/div>\n\t\t\t\t<\/div>\n\t\t\t\t\t<\/div>\n\t\t<\/div>\n\t\t\t\t\t<\/div>\n\t\t<\/section>\n\t\t\t\t<section class=\"elementor-section elementor-top-section elementor-element elementor-element-d69002e elementor-section-content-middle elementor-section-boxed elementor-section-height-default elementor-section-height-default\" data-id=\"d69002e\" data-element_type=\"section\" data-e-type=\"section\">\n\t\t\t\t\t\t<div class=\"elementor-container elementor-column-gap-extended\">\n\t\t\t\t\t<div class=\"elementor-column elementor-col-50 elementor-top-column elementor-element elementor-element-1ed3d97\" data-id=\"1ed3d97\" data-element_type=\"column\" data-e-type=\"column\">\n\t\t\t<div class=\"elementor-widget-wrap elementor-element-populated\">\n\t\t\t\t\t\t<div class=\"elementor-element elementor-element-3a93b1e img-equipe elementor-widget elementor-widget-image\" data-id=\"3a93b1e\" data-element_type=\"widget\" data-e-type=\"widget\" data-widget_type=\"image.default\">\n\t\t\t\t<div class=\"elementor-widget-container\">\n\t\t\t\t\t\t\t\t\t\t\t\t\t\t\t<img decoding=\"async\" src=\"https:\/\/www.1001fontaines.org.uk\/wp-content\/uploads\/elementor\/thumbs\/claire-stokes-1-r63fdodvhzduy3fvg0z095dmnltrvhyccje2b89tmk.jpg\" title=\"claire stokes\" alt=\"claire stokes\" loading=\"lazy\" \/>\t\t\t\t\t\t\t\t\t\t\t\t\t\t\t<\/div>\n\t\t\t\t<\/div>\n\t\t\t\t\t<\/div>\n\t\t<\/div>\n\t\t\t\t<div class=\"elementor-column elementor-col-50 elementor-top-column elementor-element elementor-element-cd75b9d\" data-id=\"cd75b9d\" data-element_type=\"column\" data-e-type=\"column\">\n\t\t\t<div class=\"elementor-widget-wrap elementor-element-populated\">\n\t\t\t\t\t\t<div class=\"elementor-element elementor-element-f86a341 elementor-widget elementor-widget-heading\" data-id=\"f86a341\" data-element_type=\"widget\" data-e-type=\"widget\" data-widget_type=\"heading.default\">\n\t\t\t\t<div class=\"elementor-widget-container\">\n\t\t\t\t\t<h3 class=\"elementor-heading-title elementor-size-default\">Claire G. Stokes<\/h3>\t\t\t\t<\/div>\n\t\t\t\t<\/div>\n\t\t\t\t<div class=\"elementor-element elementor-element-1f390a5 elementor-widget elementor-widget-text-editor\" data-id=\"1f390a5\" data-element_type=\"widget\" data-e-type=\"widget\" data-widget_type=\"text-editor.default\">\n\t\t\t\t<div class=\"elementor-widget-container\">\n\t\t\t\t\t\t\t\t\t<div style=\"text-align: justify;\">\n<strong>\n<\/strong>\n<p>\nClaire G. Stokes est une dirigeante avec plus de 25 ans d&rsquo;exp\u00e9rience \u00e0 travers la France, le Royaume-Uni, les \u00c9tats-Unis, l&rsquo;Afrique et l&rsquo;Asie. En tant que Managing Partner et Co-fondatrice d&rsquo;Ananda Partners, elle conseille sur la strat\u00e9gie, l&rsquo;impact social et le d\u00e9veloppement des entreprises.\n<\/p>\n<p>\nPr\u00e9c\u00e9demment, Claire a dirig\u00e9 PSI Cambodge et obtenu plus de 30 millions de dollars pour la sant\u00e9 reproductive en Tanzanie. Elle allie strat\u00e9gie d&rsquo;entreprise et impact social. Claire est dipl\u00f4m\u00e9e de l&rsquo;ESSEC et certifi\u00e9e en coaching professionnel.\n<\/p>\n<\/div>\n\t\t\t\t\t\t\t\t<\/div>\n\t\t\t\t<\/div>\n\t\t\t\t\t<\/div>\n\t\t<\/div>\n\t\t\t\t\t<\/div>\n\t\t<\/section>\n\t\t\t\t<section class=\"elementor-section elementor-top-section elementor-element elementor-element-c37ade4 elementor-section-content-middle elementor-section-boxed elementor-section-height-default elementor-section-height-default\" data-id=\"c37ade4\" data-element_type=\"section\" data-e-type=\"section\">\n\t\t\t\t\t\t<div class=\"elementor-container elementor-column-gap-extended\">\n\t\t\t\t\t<div class=\"elementor-column elementor-col-50 elementor-top-column elementor-element elementor-element-f835e9d\" data-id=\"f835e9d\" data-element_type=\"column\" data-e-type=\"column\">\n\t\t\t<div class=\"elementor-widget-wrap elementor-element-populated\">\n\t\t\t\t\t\t<div class=\"elementor-element elementor-element-01e34c7 img-equipe elementor-widget elementor-widget-image\" data-id=\"01e34c7\" data-element_type=\"widget\" data-e-type=\"widget\" data-widget_type=\"image.default\">\n\t\t\t\t<div class=\"elementor-widget-container\">\n\t\t\t\t\t\t\t\t\t\t\t\t\t\t\t<img decoding=\"async\" src=\"https:\/\/www.1001fontaines.org.uk\/wp-content\/uploads\/elementor\/thumbs\/Heather-Murphy-r63fdodvhzduy3fvg0z095dmnltrvhyccje2b89tmk.jpg\" title=\"Heather-Murphy\" alt=\"Heather-Murphy\" loading=\"lazy\" \/>\t\t\t\t\t\t\t\t\t\t\t\t\t\t\t<\/div>\n\t\t\t\t<\/div>\n\t\t\t\t\t<\/div>\n\t\t<\/div>\n\t\t\t\t<div class=\"elementor-column elementor-col-50 elementor-top-column elementor-element elementor-element-fe60f40\" data-id=\"fe60f40\" data-element_type=\"column\" data-e-type=\"column\">\n\t\t\t<div class=\"elementor-widget-wrap elementor-element-populated\">\n\t\t\t\t\t\t<div class=\"elementor-element elementor-element-6ee7b32 elementor-widget elementor-widget-heading\" data-id=\"6ee7b32\" data-element_type=\"widget\" data-e-type=\"widget\" data-widget_type=\"heading.default\">\n\t\t\t\t<div class=\"elementor-widget-container\">\n\t\t\t\t\t<h3 class=\"elementor-heading-title elementor-size-default\">Heather Murphy<\/h3>\t\t\t\t<\/div>\n\t\t\t\t<\/div>\n\t\t\t\t<div class=\"elementor-element elementor-element-5c223d9 elementor-widget elementor-widget-text-editor\" data-id=\"5c223d9\" data-element_type=\"widget\" data-e-type=\"widget\" data-widget_type=\"text-editor.default\">\n\t\t\t\t<div class=\"elementor-widget-container\">\n\t\t\t\t\t\t\t\t\t<div style=\"text-align: justify;\">\n<strong>\n<\/strong>\n<p>\nHeather est titulaire d&rsquo;un doctorat en ing\u00e9nierie environnementale de l&rsquo;universit\u00e9 de Guelph, au Canada. Son doctorat portait sur les technologies appropri\u00e9es de traitement de l&rsquo;eau \u00e0 domicile pour les pays \u00e0 faible revenu. Elle a ensuite travaill\u00e9 pour l&rsquo;UNICEF en tant que sp\u00e9cialiste du WASH au Mali et \u00e0 Madagascar. \n<\/p>\n<p>\nElle est aujourd&rsquo;hui ma\u00eetresse de conf\u00e9rences et membre de la Chaire de recherche du Canada \u00e0 l&rsquo;Universit\u00e9 de Guelph. Elle a plus de 20 ans d&rsquo;exp\u00e9rience dans le domaine de la qualit\u00e9 et du traitement de l&rsquo;eau, et a travaill\u00e9 et men\u00e9 des recherches au Canada, aux \u00c9tats-Unis, au Cambodge, en Ouganda, au N\u00e9pal, au Mali, au S\u00e9n\u00e9gal et \u00e0 Madagascar.\n<\/p>\n<\/div>\n\t\t\t\t\t\t\t\t<\/div>\n\t\t\t\t<\/div>\n\t\t\t\t\t<\/div>\n\t\t<\/div>\n\t\t\t\t\t<\/div>\n\t\t<\/section>\n\t\t\t\t<section class=\"elementor-section elementor-top-section elementor-element elementor-element-22a7556 elementor-section-content-middle elementor-hidden-tablet elementor-hidden-mobile elementor-section-boxed elementor-section-height-default elementor-section-height-default\" data-id=\"22a7556\" data-element_type=\"section\" data-e-type=\"section\">\n\t\t\t\t\t\t<div class=\"elementor-container elementor-column-gap-extended\">\n\t\t\t\t\t<div class=\"elementor-column elementor-col-50 elementor-top-column elementor-element elementor-element-0bc3bae\" data-id=\"0bc3bae\" data-element_type=\"column\" data-e-type=\"column\">\n\t\t\t<div class=\"elementor-widget-wrap elementor-element-populated\">\n\t\t\t\t\t\t<div class=\"elementor-element elementor-element-81e0a4c img-equipe elementor-widget elementor-widget-image\" data-id=\"81e0a4c\" data-element_type=\"widget\" data-e-type=\"widget\" data-widget_type=\"image.default\">\n\t\t\t\t<div class=\"elementor-widget-container\">\n\t\t\t\t\t\t\t\t\t\t\t\t\t\t\t<img decoding=\"async\" src=\"https:\/\/www.1001fontaines.org.uk\/wp-content\/uploads\/elementor\/thumbs\/Ambroise-veillon-1-rlbrnsjcdltgtshxwg61l2gbwpv329ngc191109gzg.jpg\" title=\"Ambroise-veillon\" alt=\"Ambroise-veillon\" loading=\"lazy\" \/>\t\t\t\t\t\t\t\t\t\t\t\t\t\t\t<\/div>\n\t\t\t\t<\/div>\n\t\t\t\t\t<\/div>\n\t\t<\/div>\n\t\t\t\t<div class=\"elementor-column elementor-col-50 elementor-top-column elementor-element elementor-element-5ccd082\" data-id=\"5ccd082\" data-element_type=\"column\" data-e-type=\"column\">\n\t\t\t<div class=\"elementor-widget-wrap elementor-element-populated\">\n\t\t\t\t\t\t<div class=\"elementor-element elementor-element-1dd7f68 elementor-widget elementor-widget-heading\" data-id=\"1dd7f68\" data-element_type=\"widget\" data-e-type=\"widget\" data-widget_type=\"heading.default\">\n\t\t\t\t<div class=\"elementor-widget-container\">\n\t\t\t\t\t<h3 class=\"elementor-heading-title elementor-size-default\">Ambroise Veillon<\/h3>\t\t\t\t<\/div>\n\t\t\t\t<\/div>\n\t\t\t\t<div class=\"elementor-element elementor-element-fcd1f59 elementor-widget elementor-widget-text-editor\" data-id=\"fcd1f59\" data-element_type=\"widget\" data-e-type=\"widget\" data-widget_type=\"text-editor.default\">\n\t\t\t\t<div class=\"elementor-widget-container\">\n\t\t\t\t\t\t\t\t\t<div style=\"text-align: justify;\"><p>Dipl\u00f4m\u00e9 de l&rsquo;Institut Agronomique Paris Grignon, Ambroise a effectu\u00e9 toute sa carri\u00e8re dans l&rsquo;agro-alimentaire, au sein des groupes Nestl\u00e9 et Danone. Sp\u00e9cialis\u00e9 dans l&rsquo;optimisation des Op\u00e9rations depuis l&rsquo;amont agricole jusqu&rsquo;aux points de distribution finaux, il a exerc\u00e9 son activit\u00e9 sur les cinq continents et a dirig\u00e9 les Op\u00e9rations de la division Eaux et Boissons de Danone.<\/p><p>Il se focalise maintenant sur des projets \u00e0 fort impact social et soci\u00e9tal, ayant un impact positif sur la gestion du cycle de l&rsquo;eau.<\/p><\/div>\t\t\t\t\t\t\t\t<\/div>\n\t\t\t\t<\/div>\n\t\t\t\t\t<\/div>\n\t\t<\/div>\n\t\t\t\t\t<\/div>\n\t\t<\/section>\n\t\t\t\t<section class=\"elementor-section elementor-top-section elementor-element elementor-element-928405f elementor-section-content-middle elementor-section-boxed elementor-section-height-default elementor-section-height-default\" data-id=\"928405f\" data-element_type=\"section\" data-e-type=\"section\" data-settings=\"{&quot;background_background&quot;:&quot;classic&quot;}\">\n\t\t\t\t\t\t<div class=\"elementor-container elementor-column-gap-no\">\n\t\t\t\t\t<div class=\"elementor-column elementor-col-100 elementor-top-column elementor-element elementor-element-24a0c63\" data-id=\"24a0c63\" data-element_type=\"column\" data-e-type=\"column\">\n\t\t\t<div class=\"elementor-widget-wrap elementor-element-populated\">\n\t\t\t\t\t\t<div class=\"elementor-element elementor-element-6ec6250 elementor-align-center elementor-widget__width-inherit elementor-widget elementor-widget-button\" data-id=\"6ec6250\" data-element_type=\"widget\" data-e-type=\"widget\" data-widget_type=\"button.default\">\n\t\t\t\t<div class=\"elementor-widget-container\">\n\t\t\t\t\t\t\t\t\t<div class=\"elementor-button-wrapper\">\n\t\t\t\t\t<a class=\"elementor-button elementor-button-link elementor-size-md\" href=\"https:\/\/www.1001fontaines.org.uk\/nos-equipes-operationnelles\/\">\n\t\t\t\t\t\t<span class=\"elementor-button-content-wrapper\">\n\t\t\t\t\t\t\t\t\t<span class=\"elementor-button-text\">VOIR NOS \u00c9QUIPES OP\u00c9RATIONNELLES<\/span>\n\t\t\t\t\t<\/span>\n\t\t\t\t\t<\/a>\n\t\t\t\t<\/div>\n\t\t\t\t\t\t\t\t<\/div>\n\t\t\t\t<\/div>\n\t\t\t\t\t<\/div>\n\t\t<\/div>\n\t\t\t\t\t<\/div>\n\t\t<\/section>\n\t\t\t\t<\/div>\n\t\t","protected":false},"excerpt":{"rendered":"<p>Notre conseil d\u2019administration Yves Bernaert Pr\u00e9sident Yves Bernaert a commenc\u00e9 sa carri\u00e8re en tant qu\u2019auditeur chez PWC avant de rejoindre en 1992 Accenture, un des leaders mondiaux des services du num\u00e9rique. Apr\u00e8s avoir occup\u00e9 plusieurs postes de direction en France et \u00e0 l\u2019international, il a \u00e9t\u00e9 CEO Europe d\u2019Accenture Technology. Sous sa direction, Accenture Technology&hellip;<\/p>\n","protected":false},"author":1,"featured_media":0,"parent":0,"menu_order":0,"comment_status":"closed","ping_status":"closed","template":"","meta":[],"class_list":["post-591","page","type-page","status-publish","hentry","description-off"],"yoast_head":"<!-- This site is optimized with the Yoast SEO plugin v27.5 - https:\/\/yoast.com\/product\/yoast-seo-wordpress\/ -->\n<title>Notre conseil d\u2019administration - 1001fontaines<\/title>\n<meta name=\"robots\" content=\"index, follow, max-snippet:-1, max-image-preview:large, max-video-preview:-1\" \/>\n<link rel=\"canonical\" href=\"https:\/\/www.1001fontaines.org.uk\/fr\/notre-conseil-dadministration\/\" \/>\n<meta property=\"og:locale\" content=\"fr_FR\" \/>\n<meta property=\"og:type\" content=\"article\" \/>\n<meta property=\"og:title\" content=\"Notre conseil d\u2019administration - 1001fontaines\" \/>\n<meta property=\"og:description\" content=\"Notre conseil d\u2019administration Yves Bernaert Pr\u00e9sident Yves Bernaert a commenc\u00e9 sa carri\u00e8re en tant qu\u2019auditeur chez PWC avant de rejoindre en 1992 Accenture, un des leaders mondiaux des services du num\u00e9rique. Apr\u00e8s avoir occup\u00e9 plusieurs postes de direction en France et \u00e0 l\u2019international, il a \u00e9t\u00e9 CEO Europe d\u2019Accenture Technology. Sous sa direction, Accenture Technology&hellip;\" \/>\n<meta property=\"og:url\" content=\"https:\/\/www.1001fontaines.org.uk\/fr\/notre-conseil-dadministration\/\" \/>\n<meta property=\"og:site_name\" content=\"1001fontaines\" \/>\n<meta property=\"article:modified_time\" content=\"2026-04-15T08:59:50+00:00\" \/>\n<meta property=\"og:image\" content=\"https:\/\/www.1001fontaines.org.uk\/wp-content\/uploads\/elementor\/thumbs\/0902557997782-web-tete-r63fd5l3pao4hw76hsugva4erwefljvplyccpp1p30.jpg\" \/>\n<meta name=\"twitter:card\" content=\"summary_large_image\" \/>\n<meta name=\"twitter:label1\" content=\"Dur\u00e9e de lecture estim\u00e9e\" \/>\n\t<meta name=\"twitter:data1\" content=\"7 minutes\" \/>\n<script type=\"application\/ld+json\" class=\"yoast-schema-graph\">{\"@context\":\"https:\\\/\\\/schema.org\",\"@graph\":[{\"@type\":\"WebPage\",\"@id\":\"https:\\\/\\\/www.1001fontaines.org.uk\\\/fr\\\/notre-conseil-dadministration\\\/\",\"url\":\"https:\\\/\\\/www.1001fontaines.org.uk\\\/fr\\\/notre-conseil-dadministration\\\/\",\"name\":\"Notre conseil d\u2019administration - 1001fontaines\",\"isPartOf\":{\"@id\":\"https:\\\/\\\/www.1001fontaines.org.uk\\\/#website\"},\"primaryImageOfPage\":{\"@id\":\"https:\\\/\\\/www.1001fontaines.org.uk\\\/fr\\\/notre-conseil-dadministration\\\/#primaryimage\"},\"image\":{\"@id\":\"https:\\\/\\\/www.1001fontaines.org.uk\\\/fr\\\/notre-conseil-dadministration\\\/#primaryimage\"},\"thumbnailUrl\":\"https:\\\/\\\/www.1001fontaines.org.uk\\\/wp-content\\\/uploads\\\/elementor\\\/thumbs\\\/0902557997782-web-tete-r63fd5l3pao4hw76hsugva4erwefljvplyccpp1p30.jpg\",\"datePublished\":\"2020-09-29T21:03:30+00:00\",\"dateModified\":\"2026-04-15T08:59:50+00:00\",\"breadcrumb\":{\"@id\":\"https:\\\/\\\/www.1001fontaines.org.uk\\\/fr\\\/notre-conseil-dadministration\\\/#breadcrumb\"},\"inLanguage\":\"fr-FR\",\"potentialAction\":[{\"@type\":\"ReadAction\",\"target\":[\"https:\\\/\\\/www.1001fontaines.org.uk\\\/fr\\\/notre-conseil-dadministration\\\/\"]}]},{\"@type\":\"ImageObject\",\"inLanguage\":\"fr-FR\",\"@id\":\"https:\\\/\\\/www.1001fontaines.org.uk\\\/fr\\\/notre-conseil-dadministration\\\/#primaryimage\",\"url\":\"https:\\\/\\\/www.1001fontaines.org.uk\\\/wp-content\\\/uploads\\\/elementor\\\/thumbs\\\/0902557997782-web-tete-r63fd5l3pao4hw76hsugva4erwefljvplyccpp1p30.jpg\",\"contentUrl\":\"https:\\\/\\\/www.1001fontaines.org.uk\\\/wp-content\\\/uploads\\\/elementor\\\/thumbs\\\/0902557997782-web-tete-r63fd5l3pao4hw76hsugva4erwefljvplyccpp1p30.jpg\"},{\"@type\":\"BreadcrumbList\",\"@id\":\"https:\\\/\\\/www.1001fontaines.org.uk\\\/fr\\\/notre-conseil-dadministration\\\/#breadcrumb\",\"itemListElement\":[{\"@type\":\"ListItem\",\"position\":1,\"name\":\"Accueil\",\"item\":\"https:\\\/\\\/www.1001fontaines.org.uk\\\/fr\\\/\"},{\"@type\":\"ListItem\",\"position\":2,\"name\":\"Notre conseil d\u2019administration\"}]},{\"@type\":\"WebSite\",\"@id\":\"https:\\\/\\\/www.1001fontaines.org.uk\\\/#website\",\"url\":\"https:\\\/\\\/www.1001fontaines.org.uk\\\/\",\"name\":\"1001fontaines\",\"description\":\"Donner acc\u00e8s \u00e0 vie \u00e0 l&#039;eau potable\",\"publisher\":{\"@id\":\"https:\\\/\\\/www.1001fontaines.org.uk\\\/#organization\"},\"potentialAction\":[{\"@type\":\"SearchAction\",\"target\":{\"@type\":\"EntryPoint\",\"urlTemplate\":\"https:\\\/\\\/www.1001fontaines.org.uk\\\/?s={search_term_string}\"},\"query-input\":{\"@type\":\"PropertyValueSpecification\",\"valueRequired\":true,\"valueName\":\"search_term_string\"}}],\"inLanguage\":\"fr-FR\"},{\"@type\":\"Organization\",\"@id\":\"https:\\\/\\\/www.1001fontaines.org.uk\\\/#organization\",\"name\":\"1001fontaines\",\"url\":\"https:\\\/\\\/www.1001fontaines.org.uk\\\/\",\"logo\":{\"@type\":\"ImageObject\",\"inLanguage\":\"fr-FR\",\"@id\":\"https:\\\/\\\/www.1001fontaines.org.uk\\\/#\\\/schema\\\/logo\\\/image\\\/\",\"url\":\"https:\\\/\\\/www.1001fontaines.org.uk\\\/wp-content\\\/uploads\\\/2020\\\/06\\\/logo-130x54-1.png\",\"contentUrl\":\"https:\\\/\\\/www.1001fontaines.org.uk\\\/wp-content\\\/uploads\\\/2020\\\/06\\\/logo-130x54-1.png\",\"width\":130,\"height\":54,\"caption\":\"1001fontaines\"},\"image\":{\"@id\":\"https:\\\/\\\/www.1001fontaines.org.uk\\\/#\\\/schema\\\/logo\\\/image\\\/\"},\"sameAs\":[\"https:\\\/\\\/www.linkedin.com\\\/company\\\/1001fontaines\\\/\"]}]}<\/script>\n<!-- \/ Yoast SEO plugin. -->","yoast_head_json":{"title":"Notre conseil d\u2019administration - 1001fontaines","robots":{"index":"index","follow":"follow","max-snippet":"max-snippet:-1","max-image-preview":"max-image-preview:large","max-video-preview":"max-video-preview:-1"},"canonical":"https:\/\/www.1001fontaines.org.uk\/fr\/notre-conseil-dadministration\/","og_locale":"fr_FR","og_type":"article","og_title":"Notre conseil d\u2019administration - 1001fontaines","og_description":"Notre conseil d\u2019administration Yves Bernaert Pr\u00e9sident Yves Bernaert a commenc\u00e9 sa carri\u00e8re en tant qu\u2019auditeur chez PWC avant de rejoindre en 1992 Accenture, un des leaders mondiaux des services du num\u00e9rique. Apr\u00e8s avoir occup\u00e9 plusieurs postes de direction en France et \u00e0 l\u2019international, il a \u00e9t\u00e9 CEO Europe d\u2019Accenture Technology. Sous sa direction, Accenture Technology&hellip;","og_url":"https:\/\/www.1001fontaines.org.uk\/fr\/notre-conseil-dadministration\/","og_site_name":"1001fontaines","article_modified_time":"2026-04-15T08:59:50+00:00","og_image":[{"url":"https:\/\/www.1001fontaines.org.uk\/wp-content\/uploads\/elementor\/thumbs\/0902557997782-web-tete-r63fd5l3pao4hw76hsugva4erwefljvplyccpp1p30.jpg","type":"","width":"","height":""}],"twitter_card":"summary_large_image","twitter_misc":{"Dur\u00e9e de lecture estim\u00e9e":"7 minutes"},"schema":{"@context":"https:\/\/schema.org","@graph":[{"@type":"WebPage","@id":"https:\/\/www.1001fontaines.org.uk\/fr\/notre-conseil-dadministration\/","url":"https:\/\/www.1001fontaines.org.uk\/fr\/notre-conseil-dadministration\/","name":"Notre conseil d\u2019administration - 1001fontaines","isPartOf":{"@id":"https:\/\/www.1001fontaines.org.uk\/#website"},"primaryImageOfPage":{"@id":"https:\/\/www.1001fontaines.org.uk\/fr\/notre-conseil-dadministration\/#primaryimage"},"image":{"@id":"https:\/\/www.1001fontaines.org.uk\/fr\/notre-conseil-dadministration\/#primaryimage"},"thumbnailUrl":"https:\/\/www.1001fontaines.org.uk\/wp-content\/uploads\/elementor\/thumbs\/0902557997782-web-tete-r63fd5l3pao4hw76hsugva4erwefljvplyccpp1p30.jpg","datePublished":"2020-09-29T21:03:30+00:00","dateModified":"2026-04-15T08:59:50+00:00","breadcrumb":{"@id":"https:\/\/www.1001fontaines.org.uk\/fr\/notre-conseil-dadministration\/#breadcrumb"},"inLanguage":"fr-FR","potentialAction":[{"@type":"ReadAction","target":["https:\/\/www.1001fontaines.org.uk\/fr\/notre-conseil-dadministration\/"]}]},{"@type":"ImageObject","inLanguage":"fr-FR","@id":"https:\/\/www.1001fontaines.org.uk\/fr\/notre-conseil-dadministration\/#primaryimage","url":"https:\/\/www.1001fontaines.org.uk\/wp-content\/uploads\/elementor\/thumbs\/0902557997782-web-tete-r63fd5l3pao4hw76hsugva4erwefljvplyccpp1p30.jpg","contentUrl":"https:\/\/www.1001fontaines.org.uk\/wp-content\/uploads\/elementor\/thumbs\/0902557997782-web-tete-r63fd5l3pao4hw76hsugva4erwefljvplyccpp1p30.jpg"},{"@type":"BreadcrumbList","@id":"https:\/\/www.1001fontaines.org.uk\/fr\/notre-conseil-dadministration\/#breadcrumb","itemListElement":[{"@type":"ListItem","position":1,"name":"Accueil","item":"https:\/\/www.1001fontaines.org.uk\/fr\/"},{"@type":"ListItem","position":2,"name":"Notre conseil d\u2019administration"}]},{"@type":"WebSite","@id":"https:\/\/www.1001fontaines.org.uk\/#website","url":"https:\/\/www.1001fontaines.org.uk\/","name":"1001fontaines","description":"Donner acc\u00e8s \u00e0 vie \u00e0 l&#039;eau potable","publisher":{"@id":"https:\/\/www.1001fontaines.org.uk\/#organization"},"potentialAction":[{"@type":"SearchAction","target":{"@type":"EntryPoint","urlTemplate":"https:\/\/www.1001fontaines.org.uk\/?s={search_term_string}"},"query-input":{"@type":"PropertyValueSpecification","valueRequired":true,"valueName":"search_term_string"}}],"inLanguage":"fr-FR"},{"@type":"Organization","@id":"https:\/\/www.1001fontaines.org.uk\/#organization","name":"1001fontaines","url":"https:\/\/www.1001fontaines.org.uk\/","logo":{"@type":"ImageObject","inLanguage":"fr-FR","@id":"https:\/\/www.1001fontaines.org.uk\/#\/schema\/logo\/image\/","url":"https:\/\/www.1001fontaines.org.uk\/wp-content\/uploads\/2020\/06\/logo-130x54-1.png","contentUrl":"https:\/\/www.1001fontaines.org.uk\/wp-content\/uploads\/2020\/06\/logo-130x54-1.png","width":130,"height":54,"caption":"1001fontaines"},"image":{"@id":"https:\/\/www.1001fontaines.org.uk\/#\/schema\/logo\/image\/"},"sameAs":["https:\/\/www.linkedin.com\/company\/1001fontaines\/"]}]}},"_links":{"self":[{"href":"https:\/\/www.1001fontaines.org.uk\/fr\/wp-json\/wp\/v2\/pages\/591","targetHints":{"allow":["GET"]}}],"collection":[{"href":"https:\/\/www.1001fontaines.org.uk\/fr\/wp-json\/wp\/v2\/pages"}],"about":[{"href":"https:\/\/www.1001fontaines.org.uk\/fr\/wp-json\/wp\/v2\/types\/page"}],"author":[{"embeddable":true,"href":"https:\/\/www.1001fontaines.org.uk\/fr\/wp-json\/wp\/v2\/users\/1"}],"replies":[{"embeddable":true,"href":"https:\/\/www.1001fontaines.org.uk\/fr\/wp-json\/wp\/v2\/comments?post=591"}],"version-history":[{"count":93,"href":"https:\/\/www.1001fontaines.org.uk\/fr\/wp-json\/wp\/v2\/pages\/591\/revisions"}],"predecessor-version":[{"id":9592,"href":"https:\/\/www.1001fontaines.org.uk\/fr\/wp-json\/wp\/v2\/pages\/591\/revisions\/9592"}],"wp:attachment":[{"href":"https:\/\/www.1001fontaines.org.uk\/fr\/wp-json\/wp\/v2\/media?parent=591"}],"curies":[{"name":"wp","href":"https:\/\/api.w.org\/{rel}","templated":true}]}}